{"id":10,"date":"2014-02-13T13:49:01","date_gmt":"2014-02-13T13:49:01","guid":{"rendered":"http:\/\/kiegyensulyoz.hu\/kiegyensulyozas\/?page_id=10"},"modified":"2025-09-10T10:54:12","modified_gmt":"2025-09-10T10:54:12","slug":"kapcsolat-ceginfo","status":"publish","type":"page","link":"https:\/\/kiegyensulyoz.hu\/kiegyensulyozas\/","title":{"rendered":"Kapcsolat-C\u00e9ginf\u00f3"},"content":{"rendered":"\n<div>\n<figure><a href=\"https:\/\/kiegyensulyoz.hu\/kiegyensulyozas\/wp-content\/uploads\/2020\/03\/gyarmati_kiegyensulyozas_02.jpg\"><img loading=\"lazy\" decoding=\"async\" class=\"alignnone size-medium wp-image-407\" src=\"https:\/\/kiegyensulyoz.hu\/kiegyensulyozas\/wp-content\/uploads\/2020\/03\/gyarmati_kiegyensulyozas_02-300x72.jpg\" alt=\"rotorgyartas_femmegmunkalas\" width=\"300\" height=\"72\" srcset=\"https:\/\/kiegyensulyoz.hu\/kiegyensulyozas\/wp-content\/uploads\/2020\/03\/gyarmati_kiegyensulyozas_02-300x72.jpg 300w, https:\/\/kiegyensulyoz.hu\/kiegyensulyozas\/wp-content\/uploads\/2020\/03\/gyarmati_kiegyensulyozas_02.jpg 500w\" sizes=\"auto, (max-width: 300px) 100vw, 300px\" \/><\/a><\/figure><p><b><\/b><\/p>\n<p><strong>Gyarmati K\u00e1roly okleveles m\u00e9rn\u00f6k<\/strong><\/p>\n<p><span style=\"color: #000080;\"><strong>M\u0171hely\u00fcnk c\u00edme: 4130 Derecske, K\u00f6zt\u00e1rsas\u00e1g \u00fat 12.<\/strong><\/span><br \/>Mobil: +36 (30) 965-9778<br \/>Telefon\/Fax: +36 (54) 411-226<br \/>E-mail:&nbsp; kagyarmati@t-online.hu<br \/>kiegyensulyoz@kiegyensulyoz.hu<br \/>Nyitva: h\u00e9tf\u0151t\u0151l p\u00e9ntekig 8-15:30 \u00f3r\u00e1ig.<\/p>\n<p>Adminisztr\u00e1ci\u00f3: Gyarmati \u00c9va<br \/>Telefon: +36 (30) 907-5317<\/p>\n<p>&#8211;<\/p>\n<\/div>\n\n\n\n<figure class=\"wp-block-image\"><a href=\"https:\/\/kiegyensulyoz.hu\/kiegyensulyozas\/wp-content\/uploads\/2014\/02\/kiegyensulyozo-mesterek-01.jpg\"><img loading=\"lazy\" decoding=\"async\" width=\"500\" height=\"286\" src=\"https:\/\/kiegyensulyoz.hu\/kiegyensulyozas\/wp-content\/uploads\/2014\/02\/kiegyensulyozo-mesterek-01.jpg\" alt=\"kiegyensulyozo-mesterek-01\" class=\"wp-image-143\" srcset=\"https:\/\/kiegyensulyoz.hu\/kiegyensulyozas\/wp-content\/uploads\/2014\/02\/kiegyensulyozo-mesterek-01.jpg 500w, https:\/\/kiegyensulyoz.hu\/kiegyensulyozas\/wp-content\/uploads\/2014\/02\/kiegyensulyozo-mesterek-01-300x171.jpg 300w\" sizes=\"auto, (max-width: 500px) 100vw, 500px\" \/><\/a><\/figure>\n\n\n\n<div><\/div>\n\n\n\n<div>&nbsp;<\/div>\n\n\n\n<div>&nbsp;<\/div>\n\n\n\n<div><strong>Ismerje meg v\u00e1llalkoz\u00e1sunkat!<\/strong><p><\/p>\n<\/div>\n\n\n\n<p><strong><em>C\u00e9g\u00fcnk f\u0151 profilja forg\u00f3 g\u00e9palkatr\u00e9szek kiegyens\u00falyoz\u00e1sa&nbsp; kiegyens\u00falyoz\u00f3 g\u00e9peken, de v\u00e9gz\u00fcnk f\u00e9mmegmunk\u00e1l\u00e1st is.<\/em><\/strong><\/p>\n\n\n\n<p><strong>1993 \u00f3ta foglalkozunk kiegyens\u00falyoz\u00e1ssal, az \u00fcgyfeleink ig\u00e9nyeihez igazodva folyamatosan b\u0151v\u00edtj\u00fck szolg\u00e1ltat\u00e1sainkat. V\u00e9gz\u00fcnk helysz\u00edni \u00e9s &nbsp;padon (kiegyens\u00falyoz\u00f3 g\u00e9pen) t\u00f6rt\u00e9n\u0151 kiegyens\u00falyoz\u00e1st. <\/strong><strong>A kiegyens\u00falyoz\u00e1ssal kapcsolatos t\u00e9m\u00e1kban egyedi feladatokat is meg tudunk oldani<\/strong>.<\/p>\n\n\n\n<p>Rendelkez\u00fcnk pici kiegyens\u00falyoz\u00f3 g\u00e9ppel is, vannak k\u00f6zepes \u00e9s nagyobb g\u00e9peink is erre a feladatra. Ez a g\u00e9ppark a t\u00f6bb \u00e9vtizedes tapasztalattal egy\u00fctt rendk\u00edv\u00fcl sokf\u00e9le kiegyens\u00falyoz\u00e1si feladat megold\u00e1s\u00e1ra ad lehet\u0151s\u00e9get.<\/p>\n\n\n\n<p>A legkisebb forg\u00f3r\u00e9sz n\u00e9h\u00e1ny dkg, amit m\u00e9rni \u00e9s kiegyens\u00falyozni tudunk, a legnagyobb 5 tonna. Egyed\u00fcl\u00e1ll\u00f3 hordozhat\u00f3 g\u00e9p\u00fcnkkel 10 tonn\u00e1s forg\u00f3r\u00e9szeket is ki tudunk egyens\u00falyozni. A forg\u00f3r\u00e9sz lehet hossz\u00fa (max. 6m) \u00e9s nagy \u00e1tm\u00e9r\u0151j\u0171 (max. 2.8m) is. <\/p>\n\n\n\n<p>Tapasztalatunk van rotorgy\u00e1rt\u00e1s ter\u00fclet\u00e9n, mivel egy n\u00e9met partnernek sok \u00e9vig b\u00e9rmunk\u00e1ban gy\u00e1rtottunk erd\u00e9szeti g\u00e9pekbe forg\u00f3r\u00e9szeket. Jav\u00edtani szoktuk mez\u0151gazdas\u00e1gi \u00e9s erd\u00e9szeti apr\u00edt\u00f3- z\u00faz\u00f3 g\u00e9pek forg\u00f3r\u00e9szeit. Ez forg\u00e1csol\u00e1st, hegeszt\u00e9st, kiegyens\u00falyoz\u00e1st jelent.<\/p>\n\n\n\n<div style=\"height:20px\" aria-hidden=\"true\" class=\"wp-block-spacer\"><\/div>\n\n\n\n<p>Kiegyens\u00falyoz\u00e1si szolg\u00e1ltat\u00e1st ig\u00e9nybe vev\u0151 partnereink k\u00f6z\u00fcl n\u00e9h\u00e1ny:<br \/>\u2013 DMM Kft Debrecen<br \/>\u2013 Nagy Ferenc F\u00f6ldes<br \/>\u2013 Z\u00e1k\u00e1ny Szersz\u00e1mh\u00e1z Kft. Derecske<br \/>\u2013 Linamar Hungary Zrt. Orosh\u00e1za<br \/>\u2013 Moto-rock Debrecen Kft Debrecen<br \/>\u2013 Elektroszerv\u00edz \u201991 Kft. Debrecen<br \/>\u2013 Hungaro Lapp Kft. Gyomaendr\u0151d<br \/>\u2013 Magyar K\u00f6z\u00fat Nonprofit Zrt.<br \/>\u2013 Tisza Motor Kft. Tisza\u00fajv\u00e1ros<br \/>\u2013 Kiss \u00e9s T\u00e1rsa Kft. Mez\u0151k\u00f6vesd<br \/>\u2013 Kall Ingredients Kft. Tiszap\u00fcsk\u00f6ki<br \/>\u2013 Agrohof Kft. Tiszaug<br \/>\u2013 ZF Hung\u00e1ria Kft. Eger<br \/>\u2013 Hidroplan Nord Kft. Hajm\u00e1sk\u00e9r<br \/>\u2013 Eurovid Kft. Kecel<br \/>\u2013 BMB Kft. Bocskaikert<\/p>\n\n\n\n<p><strong>ADATKEZEL\u00c9SI T\u00c1J\u00c9KOZTAT\u00d3:<br \/><\/strong>Ez a g\u00e9palkatr\u00e9szek kiegyens\u00falyoz\u00e1s\u00e1val \u00e9s f\u00e9mmegmunk\u00e1l\u00e1ssal, botorgy\u00e1rt\u00e1ssal foglalkoz\u00f3 weboldal nem gy\u0171jt adatokat, inform\u00e1ci\u00f3kat az oldal l\u00e1togat\u00f3ir\u00f3l, a vel\u00fck kapcsolatos adatokat nem t\u00e1rolja semmilyen form\u00e1ban, igyekszik eleget tenni a GDPR t\u00f6rv\u00e9nyeknek, aki m\u00e9gis az ellenkez\u0151j\u00e9t tapasztaln\u00e1  vagy \u00fagy \u00e9rzi s\u00e9relem \u00e9rte adatai kapcs\u00e1n, k\u00e9rj\u00fck jelezze a fenti elektronikus lev\u00e9lc\u00edmen a s\u00e9relem konkr\u00e9t le\u00edr\u00e1s\u00e1val. Az adott esetet kivizsg\u00e1ljuk \u00e9s igyeksz\u00fcnk azt korrig\u00e1lni, orvosolni!<\/p>\n","protected":false},"excerpt":{"rendered":"<p>Gyarmati K\u00e1roly okleveles m\u00e9rn\u00f6k M\u0171hely\u00fcnk c\u00edme: 4130 Derecske, K\u00f6zt\u00e1rsas\u00e1g \u00fat 12.Mobil: +36 (30) 965-9778Telefon\/Fax: +36 (54) 411-226E-mail:&nbsp; kagyarmati@t-online.hukiegyensulyoz@kiegyensulyoz.huNyitva: h\u00e9tf\u0151t\u0151l p\u00e9ntekig 8-15:30 \u00f3r\u00e1ig. Adminisztr\u00e1ci\u00f3: Gyarmati \u00c9vaTelefon: +36 (30) 907-5317 &#8211; &nbsp; &nbsp; Ismerje meg v\u00e1llalkoz\u00e1sunkat! C\u00e9g\u00fcnk f\u0151 profilja forg\u00f3 g\u00e9palkatr\u00e9szek kiegyens\u00falyoz\u00e1sa&nbsp; kiegyens\u00falyoz\u00f3 g\u00e9peken, de v\u00e9gz\u00fcnk f\u00e9mmegmunk\u00e1l\u00e1st is. 1993 \u00f3ta foglalkozunk kiegyens\u00falyoz\u00e1ssal, az \u00fcgyfeleink ig\u00e9nyeihez igazodva folyamatosan [&hellip;]<\/p>\n","protected":false},"author":3,"featured_media":0,"parent":0,"menu_order":0,"comment_status":"closed","ping_status":"closed","template":"","meta":{"footnotes":""},"class_list":["post-10","page","type-page","status-publish","hentry"],"_links":{"self":[{"href":"https:\/\/kiegyensulyoz.hu\/kiegyensulyozas\/wp-json\/wp\/v2\/pages\/10","targetHints":{"allow":["GET"]}}],"collection":[{"href":"https:\/\/kiegyensulyoz.hu\/kiegyensulyozas\/wp-json\/wp\/v2\/pages"}],"about":[{"href":"https:\/\/kiegyensulyoz.hu\/kiegyensulyozas\/wp-json\/wp\/v2\/types\/page"}],"author":[{"embeddable":true,"href":"https:\/\/kiegyensulyoz.hu\/kiegyensulyozas\/wp-json\/wp\/v2\/users\/3"}],"replies":[{"embeddable":true,"href":"https:\/\/kiegyensulyoz.hu\/kiegyensulyozas\/wp-json\/wp\/v2\/comments?post=10"}],"version-history":[{"count":32,"href":"https:\/\/kiegyensulyoz.hu\/kiegyensulyozas\/wp-json\/wp\/v2\/pages\/10\/revisions"}],"predecessor-version":[{"id":625,"href":"https:\/\/kiegyensulyoz.hu\/kiegyensulyozas\/wp-json\/wp\/v2\/pages\/10\/revisions\/625"}],"wp:attachment":[{"href":"https:\/\/kiegyensulyoz.hu\/kiegyensulyozas\/wp-json\/wp\/v2\/media?parent=10"}],"curies":[{"name":"wp","href":"https:\/\/api.w.org\/{rel}","templated":true}]}}